{"id":1744,"date":"2020-07-23T16:36:19","date_gmt":"2020-07-23T14:36:19","guid":{"rendered":"https:\/\/tepsis.io\/?page_id=1744"},"modified":"2024-10-14T15:21:58","modified_gmt":"2024-10-14T13:21:58","slug":"gouvernance","status":"publish","type":"page","link":"http:\/\/tepsis.io\/?page_id=1744","title":{"rendered":"Gouvernance"},"content":{"rendered":"\n<p>Le Comit\u00e9 de direction de Tepsis (instance d\u00e9cisionnelle) comprend 19 membres&nbsp;: un repr\u00e9sentant de chacun des 17 partenaires (les 15 UMR, le CERA et le CFJ), et les quatre membres du bureau. Les directions des ED partenaires (ED 286 et ED 119) y sont invit\u00e9es, ainsi que la Direction du d\u00e9veloppement de la recherche de l\u2019EHESS. Ce Comit\u00e9 d\u00e9cide des volets scientifiques, de formation et de diffusion de connaissances du programme du LabEx. Il assure l\u2019attribution de financements <em>via<\/em> les diff\u00e9rents dispositifs qu\u2019il \u00e9labore.<\/p>\n\n\n\n<p><strong>Direction du LabEx&nbsp;<\/strong><\/p>\n\n\n\n<p><a href=\"http:\/\/mondes-americains.ehess.fr\/index.php?413\" target=\"_blank\" rel=\"noreferrer noopener\">Jean-Fr\u00e9d\u00e9ric Schaub<\/a>, directeur d\u2019\u00e9tudes EHESS<\/p>\n\n\n\n<p><strong>Direction adjointe<\/strong><\/p>\n\n\n\n<p><a href=\"https:\/\/www.pantheonsorbonne.fr\/recherche\/page-perso\/page\/?tx_oxcspagepersonnel_pi1[uid]=matonti\" target=\"_blank\" rel=\"noreferrer noopener\">Fr\u00e9d\u00e9rique Matonti<\/a>, professeure en science politique Universit\u00e9 Paris 1 Panth\u00e9on-Sorbonne<\/p>\n\n\n\n<p><strong>Bureau<\/strong><\/p>\n\n\n\n<p><a href=\"http:\/\/lier.ehess.fr\/index.php?949\">Yannick Barthe<\/a>, directeur de recherche CNRS (LIER)<\/p>\n\n\n\n<p><a href=\"http:\/\/ceias.ehess.fr\/index.php?635\">R\u00e9my Delage<\/a>, charg\u00e9 de recherche CNRS (CEIAS)<\/p>\n\n\n\n<p>Philippe Garnier, responsable \u00e9ditorial <em>Politika.io<\/em><\/p>\n\n\n\n<p><a href=\"http:\/\/cems.ehess.fr\/index.php?4925\">Marie Jauffret-Roustide<\/a>, charg\u00e9e de recherche INSERM (CEMS)<\/p>\n\n\n\n<p>Fr\u00e9d\u00e9rique Matonti,&nbsp;professeure en science politique Universit\u00e9 Paris 1 Panth\u00e9on-Sorbonne (CESSP)<\/p>\n\n\n\n<p>Jean-Fr\u00e9d\u00e9ric Schaub, directeur d\u2019\u00e9tudes EHESS, directeur du LabEx Tepsis (Mondes Am\u00e9ricains)<\/p>\n\n\n\n<p><strong>Comit\u00e9 de Direction<\/strong><\/p>\n\n\n\n<p>CASE : <a href=\"http:\/\/case.ehess.fr\/index.php?412\">Vanina Bout\u00e9<\/a>, codirectrice du CASE, enseignant-chercheur Universit\u00e9 de Picardie <\/p>\n\n\n\n<p>CCJ : <a href=\"http:\/\/crc.ehess.fr\/index.php?170\" target=\"_blank\" rel=\"noreferrer noopener\">Val\u00e9rie Gel\u00e9zeau<\/a>, directrice d\u2019\u00e9tudes EHESS, directrice du CCJ \/ <a href=\"http:\/\/cecmc.ehess.fr\/index.php?2617\" target=\"_blank\" rel=\"noreferrer noopener\">Xavier Paul\u00e8s<\/a>, ma\u00eetre de conf\u00e9rences EHESS<\/p>\n\n\n\n<p>CEMS : <a rel=\"noreferrer noopener\" href=\"http:\/\/cems.ehess.fr\/index.php?3952\" target=\"_blank\">Laurence Tessier<\/a>, charg\u00e9e de recherche CNRS<\/p>\n\n\n\n<p>CESAH : <a href=\"http:\/\/ceias.ehess.fr\/index.php?635\">R\u00e9my Delage<\/a>, charg\u00e9 de recherche CNRS<\/p>\n\n\n\n<p>CFJ : St\u00e9phanie Lebrun, directrice du CFJ<\/p>\n\n\n\n<p>CERCEC : Fran\u00e7oise Dauc\u00e9, directrice d\u2019\u00e9tudes EHESS, directrice du CERCEC \/ <a href=\"https:\/\/www.cercec.fr\/membre\/marc-elie\/\">Marc Elie<\/a>, charg\u00e9 de recherche CNRS<\/p>\n\n\n\n<p>CERMES3 :<a href=\"https:\/\/www.cermes3.cnrs.fr\/fr\/membres\/membres-permanents\/jeremy-ward.html\"> Jeremy Ward<\/a>,&nbsp;charg\u00e9e de recherche INSERM<\/p>\n\n\n\n<p>CESSP : <a href=\"https:\/\/cessp.cnrs.fr\/-DENORD-Francois-\" target=\"_blank\" rel=\"noreferrer noopener\">Fran\u00e7ois Denord<\/a>, charg\u00e9 de recherche CNRS, directeur du CESSP \/ Fr\u00e9d\u00e9rique Matonti,&nbsp;professeure en science politique Universit\u00e9 Paris 1 Panth\u00e9on-Sorbonne \/ <a href=\"https:\/\/cessp.cnrs.fr\/-RABOT-Cecile-\" target=\"_blank\" rel=\"noreferrer noopener\">C\u00e9cile Rabot<\/a>, ma\u00eetresse de conf\u00e9rences Universit\u00e9 Paris Nanterre, directrice adjointe du CESSP<\/p>\n\n\n\n<p>CESPRA : <a href=\"http:\/\/cespra.ehess.fr\/index.php?2146\" target=\"_blank\" rel=\"noreferrer noopener\">St\u00e9phane Audoin-Rouzeau<\/a>, directeur du CESPRA, directeur d\u2019\u00e9tudes EHESS<\/p>\n\n\n\n<p>CETOBaC : <a href=\"http:\/\/cetobac.ehess.fr\/index.php?107\">Nathalie Clayer<\/a>, directrice d&rsquo;\u00e9tudes EHESS &#8211; directrice de recherche CNRS \/ <a rel=\"noreferrer noopener\" href=\"http:\/\/cetobac.ehess.fr\/index.php?2681\" target=\"_blank\">Catherine Horel<\/a>, directrice de recherche CNRS<\/p>\n\n\n\n<p>CMH : <a href=\"http:\/\/cmh.ens.fr\/Paugam-Serge\">Serge Paugam<\/a>, directeur d\u2019\u00e9tudes \u00e0 l\u2019EHESS, directeur du CMH \/ <a href=\"https:\/\/www.cmh.ens.fr\/Gojard-Severine\">S\u00e9verine Gojard<\/a>, directrice de recherche INRA<\/p>\n\n\n\n<p>CRH : <a href=\"http:\/\/crh.ehess.fr\/index.php?6284\" target=\"_blank\" rel=\"noreferrer noopener\">Jean-Baptiste Fressoz<\/a>, charg\u00e9 de recherche CNRS<\/p>\n\n\n\n<p>IMAF : <a href=\"http:\/\/www.imaf.cnrs.fr\/spip.php?article143\">Catarina Madeira Santos<\/a>, ma\u00eetre de conf\u00e9rences \u00e0 l\u2019EHESS<\/p>\n\n\n\n<p>IRIS : <a href=\"http:\/\/iris.ehess.fr\/index.php?4034\">Arnaud Esquerre<\/a>, charg\u00e9 de recherche au CNRS, directeur de l\u2019IRIS<\/p>\n\n\n\n<p>LIER : <a href=\"http:\/\/lier.ehess.fr\/index.php?949\">Yannick Barthe<\/a>, directeur de recherche CNRS \/ <a href=\"http:\/\/lier.ehess.fr\/index.php?2033\">Michel De Fornel<\/a>, directeur d\u2019\u00e9tudes EHESS<\/p>\n\n\n\n<p>Mondes am\u00e9ricains : <a href=\"http:\/\/mondes-americains.ehess.fr\/index.php?392\">Cl\u00e9ment Thibaud<\/a>, directeur d\u2019\u00e9tudes EHESS \/ Jean-Fr\u00e9d\u00e9ric Schaub, directeur d\u2019\u00e9tudes EHESS<\/p>\n\n\n\n<p><strong>Conseil Scientifique<\/strong><\/p>\n\n\n\n<p>Souleymane Bachir Diagne, professeur de langue fran\u00e7aise \u00e0 la Columbia University, sp\u00e9cialiste de l\u2019histoire des sciences et de la philosophie islamique<\/p>\n\n\n\n<p>Craig Calhoun, professeur de sciences sociales \u00e0 l\u2019Universit\u00e9 de New York, directeur fondateur de l\u2019Institut pour la connaissance publique de l\u2019Universit\u00e9 de New York<\/p>\n\n\n\n<p>Jean-Michel Chaumont,&nbsp;chercheur qualifi\u00e9 du Fonds national de la recherche scientifique, professeur \u00e0 l\u2019Universit\u00e9 catholique de Louvain<\/p>\n\n\n\n<p>Veena Das, professeure d\u2019anthropologie sociale et d\u2019ethnologie<\/p>\n\n\n\n<p>Pierre-Cyrille Hautcoeur, directeur d\u2019\u00e9tudes \u00e0 l\u2019EHESS<\/p>\n\n\n\n<p>Ingrid Holtey,&nbsp;professeure d\u2019histoire contemporaine \u00e0 l\u2019Universit\u00e9 de Bielefeld<\/p>\n\n\n\n<p>Christophe Jaffrelot, directeur de recherche au CERI-Sciences Po\/CNRS<\/p>\n\n\n\n<p>Elisabeth Picard, directrice de recherche \u00e9m\u00e9rite au CNRS<\/p>\n\n\n\n<p>Gis\u00e8le Sapiro, directrice de recherche au CNRS, directrice d\u2019\u00e9tudes \u00e0 l\u2019EHESS<\/p>\n\n\n\n<p><strong>Coordination administrative<\/strong><\/p>\n\n\n\n<p>Johanna Linsler <\/p>\n\n\n\n<p><strong>Responsable \u00e9ditorial <em>Politika.io<\/em><\/strong><\/p>\n\n\n\n<p>Philippe Garnier<\/p>\n\n\n\n<p><strong>\u00c9dition num\u00e9rique <em>Politika.io<\/em><\/strong><\/p>\n\n\n\n<p>Julienne Flory<\/p>\n\n\n\n<p>Alihan Mestci<\/p>\n\n\n\n<p><strong>Communication et valorisation<\/strong><\/p>\n\n\n\n<p>Doria Le Fur<\/p>\n\n\n\n<p><\/p>\n","protected":false},"excerpt":{"rendered":"<p>Le Comit\u00e9 de direction de Tepsis (instance d\u00e9cisionnelle) comprend 19 membres&nbsp;: un repr\u00e9sentant de chacun des 17 partenaires (les 15 UMR, le CERA et le CFJ), et les quatre membres du bureau. Les directions des ED partenaires (ED 286 et ED 119) y sont invit\u00e9es, ainsi que la Direction du d\u00e9veloppement de la recherche de [&hellip;]<\/p>\n","protected":false},"author":1,"featured_media":1837,"parent":0,"menu_order":0,"comment_status":"closed","ping_status":"closed","template":"","meta":{"footnotes":""},"_links":{"self":[{"href":"http:\/\/tepsis.io\/index.php?rest_route=\/wp\/v2\/pages\/1744"}],"collection":[{"href":"http:\/\/tepsis.io\/index.php?rest_route=\/wp\/v2\/pages"}],"about":[{"href":"http:\/\/tepsis.io\/index.php?rest_route=\/wp\/v2\/types\/page"}],"author":[{"embeddable":true,"href":"http:\/\/tepsis.io\/index.php?rest_route=\/wp\/v2\/users\/1"}],"replies":[{"embeddable":true,"href":"http:\/\/tepsis.io\/index.php?rest_route=%2Fwp%2Fv2%2Fcomments&post=1744"}],"version-history":[{"count":18,"href":"http:\/\/tepsis.io\/index.php?rest_route=\/wp\/v2\/pages\/1744\/revisions"}],"predecessor-version":[{"id":2789,"href":"http:\/\/tepsis.io\/index.php?rest_route=\/wp\/v2\/pages\/1744\/revisions\/2789"}],"wp:featuredmedia":[{"embeddable":true,"href":"http:\/\/tepsis.io\/index.php?rest_route=\/wp\/v2\/media\/1837"}],"wp:attachment":[{"href":"http:\/\/tepsis.io\/index.php?rest_route=%2Fwp%2Fv2%2Fmedia&parent=1744"}],"curies":[{"name":"wp","href":"https:\/\/api.w.org\/{rel}","templated":true}]}}