{"id":1746,"date":"2020-07-23T16:37:48","date_gmt":"2020-07-23T14:37:48","guid":{"rendered":"https:\/\/tepsis.io\/?page_id=1746"},"modified":"2023-06-16T09:53:17","modified_gmt":"2023-06-16T07:53:17","slug":"le-labex-tepsis","status":"publish","type":"page","link":"http:\/\/tepsis.io\/?page_id=1746","title":{"rendered":"Le LabEx TEPSIS"},"content":{"rendered":"\n<p>Laur\u00e9at de la seconde vague des <a href=\"https:\/\/www.gouvernement.fr\/le-programme-d-investissements-d-avenir\">Investissement d\u2019avenir<\/a>, le LabEx Tepsis (Transformation de l\u2019Etat, Politisation des Soci\u00e9t\u00e9s, Institution du Social) est compos\u00e9 de 15 laboratoires de sciences sociales et du Centre de formation des Journalistes (CFJ).<\/p>\n\n\n\n<p>R\u00e9unissant plus de 300 chercheuses et chercheurs issu\u00b7es de diff\u00e9rentes disciplines\u00a0\u2013 sociologie, science politique, histoire, \u00e9conomie, anthropologie, philosophie politique, histoire des id\u00e9es \u2013 et diff\u00e9rentes aires culturelles qui couvrent quasiment l&rsquo;int\u00e9gralit\u00e9 du globe.<\/p>\n\n\n\n<p>Partant de l\u2019exploration historique, sociologique et philosophique de la diversit\u00e9 des modes d\u2019intervention du politique dans la Cit\u00e9 et dans l\u2019espace des soci\u00e9t\u00e9s, les approches multidisciplinaires du LabEx relient l\u2019analyse des modes de gouvernement des soci\u00e9t\u00e9s modernes et contemporaines, et celle des pratiques sociales qui transforment les formes d\u2019organisation et de r\u00e9gulation des activit\u00e9s humaines.<\/p>\n\n\n\n<p>Le <a href=\"https:\/\/tepsis.io\/gouvernance\/\">Comit\u00e9 de direction de Tepsis<\/a> (instance d\u00e9cisionnelle) comprend 18 membres : un repr\u00e9sentant de chacun des 16 <a href=\"https:\/\/tepsis.io\/a-propos-de\/\">partenaires<\/a> (les 15 UMR et le CFJ), la co-directrice et le directeur du LabEx. <\/p>\n\n\n\n<h4 class=\"wp-block-heading\">Les th\u00e9matiques du LabEx<\/h4>\n\n\n\n<p>Les th\u00e9matiques abord\u00e9es par le LabEx se regroupent autour de trois grands axes de recherche&nbsp;: les transformations de l\u2019\u00c9tat (A), la politisation des soci\u00e9t\u00e9s (B) et l\u2019institution du social (C).<\/p>\n\n\n\n<div class=\"wp-block-group is-layout-flow wp-block-group-is-layout-flow\"><div class=\"wp-block-group__inner-container\">\n<p><strong>(A) Transformation de l\u2019\u00c9tat<\/strong><\/p>\n\n\n\n<ul><li>A1 Historicit\u00e9 de l\u2019\u00c9tat<\/li><li>A2 Fragilit\u00e9 de l\u2019\u00c9tat<\/li><li>A3 Temps politiques, discontinuit\u00e9s territoriales, mobilisations<\/li><\/ul>\n\n\n\n<p><strong>(B) Politisation des soci\u00e9t\u00e9s<\/strong><\/p>\n\n\n\n<ul><li>B1 La politique au-del\u00e0 et en de\u00e7\u00e0 de l\u2019\u00c9tat<\/li><li>B2 Rapports ordinaires au politique<\/li><li>B3 L\u00e9gitimit\u00e9 et d\u00e9l\u00e9gitimation des \u00e9lites<\/li><\/ul>\n\n\n\n<p><strong>(C) Institution du social<\/strong><\/p>\n\n\n\n<ul><li>C1 La construction politique des subjectivit\u00e9s<\/li><li>C2 La structuration de l\u2019ordre social<\/li><li>C3 Diff\u00e9renciations sociales et in\u00e9galit\u00e9s<\/li><\/ul>\n<\/div><\/div>\n\n\n\n<hr class=\"wp-block-separator is-style-dots\"\/>\n\n\n\n<p class=\"has-text-align-center\">Pour visualiser les terrains de recherche financ\u00e9s par le LabEx Tepsis, cliquez sur l\u2019image ci-dessous :<\/p>\n\n\n\n<figure class=\"wp-block-image size-large\"><a href=\"https:\/\/www.google.com\/maps\/d\/viewer?hl=fr&amp;mid=175LdOAhYHfTrHq_BkWxdCRitN4k&amp;ll=-3.81666561775622e-14%2C21.67264650000004&amp;z=2 \"><img decoding=\"async\" loading=\"lazy\" width=\"1024\" height=\"908\" src=\"https:\/\/tepsis.io\/wp-content\/uploads\/2020\/07\/Capture-d\u2019e\u0301cran-2020-07-23-a\u0300-16.42.00-1024x908.png\" alt=\"\" class=\"wp-image-1753\" srcset=\"http:\/\/tepsis.io\/wp-content\/uploads\/2020\/07\/Capture-d\u2019e\u0301cran-2020-07-23-a\u0300-16.42.00-1024x908.png 1024w, http:\/\/tepsis.io\/wp-content\/uploads\/2020\/07\/Capture-d\u2019e\u0301cran-2020-07-23-a\u0300-16.42.00-300x266.png 300w, http:\/\/tepsis.io\/wp-content\/uploads\/2020\/07\/Capture-d\u2019e\u0301cran-2020-07-23-a\u0300-16.42.00-768x681.png 768w, http:\/\/tepsis.io\/wp-content\/uploads\/2020\/07\/Capture-d\u2019e\u0301cran-2020-07-23-a\u0300-16.42.00-1536x1363.png 1536w, http:\/\/tepsis.io\/wp-content\/uploads\/2020\/07\/Capture-d\u2019e\u0301cran-2020-07-23-a\u0300-16.42.00-1200x1065.png 1200w, http:\/\/tepsis.io\/wp-content\/uploads\/2020\/07\/Capture-d\u2019e\u0301cran-2020-07-23-a\u0300-16.42.00.png 1968w\" sizes=\"(max-width: 1024px) 100vw, 1024px\" \/><\/a><\/figure>\n","protected":false},"excerpt":{"rendered":"<p>Laur\u00e9at de la seconde vague des Investissement d\u2019avenir, le LabEx Tepsis (Transformation de l\u2019Etat, Politisation des Soci\u00e9t\u00e9s, Institution du Social) est compos\u00e9 de 15 laboratoires de sciences sociales et du Centre de formation des Journalistes (CFJ). R\u00e9unissant plus de 300 chercheuses et chercheurs issu\u00b7es de diff\u00e9rentes disciplines\u00a0\u2013 sociologie, science politique, histoire, \u00e9conomie, anthropologie, philosophie politique, [&hellip;]<\/p>\n","protected":false},"author":1,"featured_media":0,"parent":0,"menu_order":0,"comment_status":"closed","ping_status":"closed","template":"","meta":{"footnotes":""},"_links":{"self":[{"href":"http:\/\/tepsis.io\/index.php?rest_route=\/wp\/v2\/pages\/1746"}],"collection":[{"href":"http:\/\/tepsis.io\/index.php?rest_route=\/wp\/v2\/pages"}],"about":[{"href":"http:\/\/tepsis.io\/index.php?rest_route=\/wp\/v2\/types\/page"}],"author":[{"embeddable":true,"href":"http:\/\/tepsis.io\/index.php?rest_route=\/wp\/v2\/users\/1"}],"replies":[{"embeddable":true,"href":"http:\/\/tepsis.io\/index.php?rest_route=%2Fwp%2Fv2%2Fcomments&post=1746"}],"version-history":[{"count":7,"href":"http:\/\/tepsis.io\/index.php?rest_route=\/wp\/v2\/pages\/1746\/revisions"}],"predecessor-version":[{"id":2631,"href":"http:\/\/tepsis.io\/index.php?rest_route=\/wp\/v2\/pages\/1746\/revisions\/2631"}],"wp:attachment":[{"href":"http:\/\/tepsis.io\/index.php?rest_route=%2Fwp%2Fv2%2Fmedia&parent=1746"}],"curies":[{"name":"wp","href":"https:\/\/api.w.org\/{rel}","templated":true}]}}